{"id":2368,"date":"2020-10-16T11:02:44","date_gmt":"2020-10-16T09:02:44","guid":{"rendered":"https:\/\/testsite.pagusmedia.it\/?page_id=2368"},"modified":"2026-04-17T13:44:56","modified_gmt":"2026-04-17T11:44:56","slug":"storia","status":"publish","type":"page","link":"https:\/\/www.fepagroup.com\/it\/le-nostre-persone\/storia\/","title":{"rendered":"Storia"},"content":{"rendered":"\n<style type=\"text\/css\" data-created_by=\"avia_inline_auto\" id=\"style-css-av-kf6m99cj-e5330b33f32758e46e644d018b1d1b77\">\n.avia-section.av-kf6m99cj-e5330b33f32758e46e644d018b1d1b77{\nbackground-color:#e94f35;\nbackground-image:unset;\n}\n<\/style>\n<div id='small-section-size'  class='avia-section av-kf6m99cj-e5330b33f32758e46e644d018b1d1b77 main_color avia-section-no-padding avia-no-border-styling  avia-builder-el-0  el_before_av_three_fourth  avia-builder-el-first  avia-bg-style-scroll container_wrap fullsize'  ><div class='container av-section-cont-open' ><main  role=\"main\" itemprop=\"mainContentOfPage\"  class='template-page content  av-content-full alpha units'><div class='post-entry post-entry-type-page post-entry-2368'><div class='entry-content-wrapper clearfix'><\/div><\/div><\/main><!-- close content main element --><\/div><\/div><div id='after_section_1'  class='main_color av_default_container_wrap container_wrap fullsize'  ><div class='container av-section-cont-open' ><div class='template-page content  av-content-full alpha units'><div class='post-entry post-entry-type-page post-entry-2368'><div class='entry-content-wrapper clearfix'>\n\n<style type=\"text\/css\" data-created_by=\"avia_inline_auto\" id=\"style-css-av-blcg5-1f9c93351938d00aec5b9a3193af911a\">\n.flex_column.av-blcg5-1f9c93351938d00aec5b9a3193af911a{\n-webkit-border-radius:0px 0px 0px 0px;\n-moz-border-radius:0px 0px 0px 0px;\nborder-radius:0px 0px 0px 0px;\npadding:0px 0px 0px 0px;\n}\n<\/style>\n<div class='flex_column av-blcg5-1f9c93351938d00aec5b9a3193af911a av_three_fourth  avia-builder-el-1  el_after_av_section  el_before_av_section  avia-builder-el-no-sibling  first flex_column_div av-zero-column-padding '     ><p><section  class='av_textblock_section av-7mmtb-83b836e2887f781a83dee8d14c876fbe'  itemscope=\"itemscope\" itemtype=\"https:\/\/schema.org\/CreativeWork\" ><div class='avia_textblock'  itemprop=\"text\" ><p><span class=\"divisore-persone\">\/<\/span>LE NOSTRE PERSONE <span class=\"divisore-persone1\">\/<\/span> STORIA<\/p>\n<\/div><\/section><br \/>\n\n<style type=\"text\/css\" data-created_by=\"avia_inline_auto\" id=\"style-css-av-kf6ms9bh-9b4359ae0ab93f98034a751987fd6cd0\">\n#top .hr.hr-invisible.av-kf6ms9bh-9b4359ae0ab93f98034a751987fd6cd0{\nheight:20px;\n}\n<\/style>\n<div  class='hr av-kf6ms9bh-9b4359ae0ab93f98034a751987fd6cd0 hr-invisible  avia-builder-el-3  el_after_av_textblock  el_before_av_textblock '><span class='hr-inner '><span class=\"hr-inner-style\"><\/span><\/span><\/div><br \/>\n<section  class='av_textblock_section av-kf6k3ibv-257113d3eba7e69b30c58169898b04c6'  itemscope=\"itemscope\" itemtype=\"https:\/\/schema.org\/CreativeWork\" ><div class='avia_textblock'  itemprop=\"text\" ><h1>La nostra storia<\/h1>\n<\/div><\/section><br \/>\n\n<style type=\"text\/css\" data-created_by=\"avia_inline_auto\" id=\"style-css-av-kf6k3ibv-5-c5a3f9e593a4cc50b31f425e8243650c\">\n#top .av_textblock_section.av-kf6k3ibv-5-c5a3f9e593a4cc50b31f425e8243650c .avia_textblock{\nfont-size:16px;\n}\n<\/style>\n<section  class='av_textblock_section av-kf6k3ibv-5-c5a3f9e593a4cc50b31f425e8243650c'  itemscope=\"itemscope\" itemtype=\"https:\/\/schema.org\/CreativeWork\" ><div class='avia_textblock'  itemprop=\"text\" ><p>La nostra azienda si trova da sempre in Italia, nella provincia di Parma, e i nostri imballi arrivano in tutta Europa.<br \/>\nScopri come siamo cresciuti, adattandoci alle richieste di un mercato in continua evoluzione.<\/p>\n<\/div><\/section><\/p><\/div>\n<\/div><\/div><\/div><!-- close content main div --><\/div><\/div>\n<style type=\"text\/css\" data-created_by=\"avia_inline_auto\" id=\"style-css-av-kf6noogb-fcef87a1845cb8c521d32b526560e19f\">\n.avia-section.av-kf6noogb-fcef87a1845cb8c521d32b526560e19f{\nbackground-color:#f3f6f9;\nbackground-image:unset;\n}\n<\/style>\n<div id='box1-home'  class='avia-section av-kf6noogb-fcef87a1845cb8c521d32b526560e19f main_color avia-section-default avia-no-border-styling  avia-builder-el-6  el_after_av_three_fourth  el_before_av_section  avia-bg-style-scroll container_wrap fullsize'  ><div class='container av-section-cont-open' ><div class='template-page content  av-content-full alpha units'><div class='post-entry post-entry-type-page post-entry-2368'><div class='entry-content-wrapper clearfix'>\n\n<style type=\"text\/css\" data-created_by=\"avia_inline_auto\" id=\"style-css-av-tey5j-78cde5a0a6b416aa35460ced86257709\">\n.flex_column.av-tey5j-78cde5a0a6b416aa35460ced86257709{\n-webkit-border-radius:0px 0px 0px 0px;\n-moz-border-radius:0px 0px 0px 0px;\nborder-radius:0px 0px 0px 0px;\npadding:0px 0px 0px 0px;\n}\n<\/style>\n<div class='flex_column av-tey5j-78cde5a0a6b416aa35460ced86257709 av_three_fourth  avia-builder-el-7  el_before_av_one_fourth  avia-builder-el-first  first flex_column_div av-zero-column-padding '     ><style type=\"text\/css\" data-created_by=\"avia_inline_auto\" id=\"style-css-av-kf6l0yab-e7e2b6183bc4af66e83292e28f16530b\">\n.avia-image-container.av-kf6l0yab-e7e2b6183bc4af66e83292e28f16530b img.avia_image{\nbox-shadow:none;\n}\n.avia-image-container.av-kf6l0yab-e7e2b6183bc4af66e83292e28f16530b .av-image-caption-overlay-center{\ncolor:#ffffff;\n}\n<\/style>\n<div  class='avia-image-container av-kf6l0yab-e7e2b6183bc4af66e83292e28f16530b av-styling-no-styling avia_animated_image av-animated-when-visible-95 left-to-right avia-align-  avia-builder-el-8  avia-builder-el-no-sibling '   itemprop=\"image\" itemscope=\"itemscope\" itemtype=\"https:\/\/schema.org\/ImageObject\" ><div class=\"avia-image-container-inner\"><div class=\"avia-image-overlay-wrap\"><img decoding=\"async\" class='wp-image-2269 avia-img-lazy-loading-not-2269 avia_image ' src=\"https:\/\/www.fepagroup.com\/wp-content\/uploads\/2020\/10\/franco-e-fausto-img.jpg\" alt='Fepa - Immagine - Franco e Fausto' title='Fepa  - Immagine - Franco e Fausto'  height=\"800\" width=\"1200\"  itemprop=\"thumbnailUrl\" srcset=\"https:\/\/www.fepagroup.com\/wp-content\/uploads\/2020\/10\/franco-e-fausto-img.jpg 1200w, https:\/\/www.fepagroup.com\/wp-content\/uploads\/2020\/10\/franco-e-fausto-img-300x200.jpg 300w, https:\/\/www.fepagroup.com\/wp-content\/uploads\/2020\/10\/franco-e-fausto-img-1030x687.jpg 1030w, https:\/\/www.fepagroup.com\/wp-content\/uploads\/2020\/10\/franco-e-fausto-img-768x512.jpg 768w, https:\/\/www.fepagroup.com\/wp-content\/uploads\/2020\/10\/franco-e-fausto-img-705x470.jpg 705w\" sizes=\"(max-width: 1200px) 100vw, 1200px\" \/><\/div><\/div><\/div><\/div>\n<style type=\"text\/css\" data-created_by=\"avia_inline_auto\" id=\"style-css-av-nsehj-88fc04b7c3f04b818d3c525a94ecff07\">\n.flex_column.av-nsehj-88fc04b7c3f04b818d3c525a94ecff07{\n-webkit-border-radius:0px 0px 0px 0px;\n-moz-border-radius:0px 0px 0px 0px;\nborder-radius:0px 0px 0px 0px;\npadding:0px 0px 0px 0px;\n}\n<\/style>\n<div class='flex_column av-nsehj-88fc04b7c3f04b818d3c525a94ecff07 av_one_fourth  avia-builder-el-9  el_after_av_three_fourth  avia-builder-el-last  flex_column_div av-zero-column-padding '     ><\/div>\n\n<\/div><\/div><\/div><!-- close content main div --><\/div><\/div>\n<style type=\"text\/css\" data-created_by=\"avia_inline_auto\" id=\"style-css-av-kf6npp6b-c68d203453ee7c8bbb4bed7a64a05348\">\n.avia-section.av-kf6npp6b-c68d203453ee7c8bbb4bed7a64a05348{\nbackground-color:#f3f6f9;\nbackground-image:unset;\nmargin-top:0px;\nmargin-bottom:0px;\n}\n<\/style>\n<div id='av_section_3'  class='avia-section av-kf6npp6b-c68d203453ee7c8bbb4bed7a64a05348 main_color avia-section-default avia-no-border-styling  avia-builder-el-10  el_after_av_section  el_before_av_hr  sezione-pagina-sovrapposta avia-bg-style-scroll container_wrap fullsize'  ><div class='container av-section-cont-open' ><div class='template-page content  av-content-full alpha units'><div class='post-entry post-entry-type-page post-entry-2368'><div class='entry-content-wrapper clearfix'>\n\n<style type=\"text\/css\" data-created_by=\"avia_inline_auto\" id=\"style-css-av-dkrx3-0b521bdb91a8be37d111299721fd8bf7\">\n.flex_column.av-dkrx3-0b521bdb91a8be37d111299721fd8bf7{\n-webkit-border-radius:0px 0px 0px 0px;\n-moz-border-radius:0px 0px 0px 0px;\nborder-radius:0px 0px 0px 0px;\npadding:0px 0px 0px 0px;\n}\n<\/style>\n<div class='flex_column av-dkrx3-0b521bdb91a8be37d111299721fd8bf7 av_one_third  avia-builder-el-11  el_before_av_three_fifth  avia-builder-el-first  first flex_column_div av-zero-column-padding '     ><\/div>\n<style type=\"text\/css\" data-created_by=\"avia_inline_auto\" id=\"style-css-av-2u3b-c553e3b54ae012a85f7ddb2d3f1ff751\">\n.flex_column.av-2u3b-c553e3b54ae012a85f7ddb2d3f1ff751{\n-webkit-border-radius:0px 0px 0px 0px;\n-moz-border-radius:0px 0px 0px 0px;\nborder-radius:0px 0px 0px 0px;\npadding:0px 0px 0px 0px;\n}\n<\/style>\n<div class='flex_column av-2u3b-c553e3b54ae012a85f7ddb2d3f1ff751 av_three_fifth  avia-builder-el-12  el_after_av_one_third  avia-builder-el-last  colonna-1-pagina-interna flex_column_div av-animated-generic bottom-to-top av-zero-column-padding '     ><p><section  class='av_textblock_section av-7mmtb-7-f1a71fa6dccb46ecb046a94d48551176'  itemscope=\"itemscope\" itemtype=\"https:\/\/schema.org\/CreativeWork\" ><div class='avia_textblock'  itemprop=\"text\" ><p><span class=\"divisore-persone\">\/<\/span>LE NOSTRE PERSONE <span class=\"divisore-persone1\">\/<\/span> STORIA<\/p>\n<\/div><\/section><br \/>\n\n<style type=\"text\/css\" data-created_by=\"avia_inline_auto\" id=\"style-css-av-kfdpbf71-d9ec1c01fc5f67242331e40c65400f1b\">\n.avia-timeline-container.av-kfdpbf71-d9ec1c01fc5f67242331e40c65400f1b .av-milestone-date{\ncolor:#000000;\n}\n.avia-timeline-container.av-kfdpbf71-d9ec1c01fc5f67242331e40c65400f1b .av-milestone-content{\ncolor:#000000;\n}\n.avia-timeline-container.av-kfdpbf71-d9ec1c01fc5f67242331e40c65400f1b .av-milestone-icon.milestone-icon-hasborder{\nbackground-color:#f3f6f9;\n}\n.avia-timeline-container.av-kfdpbf71-d9ec1c01fc5f67242331e40c65400f1b .av-milestone-icon-inner{\nbackground-color:#f3f6f9;\ncolor:#000000;\n}\n.avia-timeline-container.av-kfdpbf71-d9ec1c01fc5f67242331e40c65400f1b .av-milestone-indicator{\nbackground-color:#f3f6f9;\n}\n.avia-timeline-container.av-kfdpbf71-d9ec1c01fc5f67242331e40c65400f1b .av-milestone-article-footer{\nbackground-color:#f3f6f9;\n}\n<\/style>\n\n<style type=\"text\/css\" data-created_by=\"avia_inline_auto\" id=\"style-css-sub-av-kfdpbf71-d9ec1c01fc5f67242331e40c65400f1b\">\n.avia-timeline-container .av-milestone.av-c4c7nk-f1b4fb5e5965ab0c8cdd84f076019eeb .av-milestone-icon-inner{\nbackground-color:#f3f6f9;\n}\n.avia-timeline-container .av-milestone.av-c4c7nk-f1b4fb5e5965ab0c8cdd84f076019eeb .av-milestone-indicator{\nbackground-color:#f3f6f9;\n}\n.avia-timeline-container .av-milestone.av-c4c7nk-f1b4fb5e5965ab0c8cdd84f076019eeb .av-milestone-article-footer{\nbackground-color:#f3f6f9;\n}\n.avia-timeline-container .av-milestone.av-128akw-d38fd0bb2bb7dc843f259322930967ac .av-milestone-icon-inner{\nbackground-color:#f3f6f9;\n}\n.avia-timeline-container .av-milestone.av-128akw-d38fd0bb2bb7dc843f259322930967ac .av-milestone-indicator{\nbackground-color:#f3f6f9;\n}\n.avia-timeline-container .av-milestone.av-128akw-d38fd0bb2bb7dc843f259322930967ac .av-milestone-article-footer{\nbackground-color:#f3f6f9;\n}\n.avia-timeline-container .av-milestone.av-96iub4-761812f502db5e874c8888f7a70e6caa .av-milestone-icon-inner{\nbackground-color:#f3f6f9;\n}\n.avia-timeline-container .av-milestone.av-96iub4-761812f502db5e874c8888f7a70e6caa .av-milestone-indicator{\nbackground-color:#f3f6f9;\n}\n.avia-timeline-container .av-milestone.av-96iub4-761812f502db5e874c8888f7a70e6caa .av-milestone-article-footer{\nbackground-color:#f3f6f9;\n}\n.avia-timeline-container .av-milestone.av-7wyytc-721ec56d027eba83bb9de0c79fed4366 .av-milestone-icon-inner{\nbackground-color:#f3f6f9;\n}\n.avia-timeline-container .av-milestone.av-7wyytc-721ec56d027eba83bb9de0c79fed4366 .av-milestone-indicator{\nbackground-color:#f3f6f9;\n}\n.avia-timeline-container .av-milestone.av-7wyytc-721ec56d027eba83bb9de0c79fed4366 .av-milestone-article-footer{\nbackground-color:#f3f6f9;\n}\n.avia-timeline-container .av-milestone.av-5q7bhc-4e99e7a84359f5239a845c32a1078c11 .av-milestone-icon-inner{\nbackground-color:#f3f6f9;\n}\n.avia-timeline-container .av-milestone.av-5q7bhc-4e99e7a84359f5239a845c32a1078c11 .av-milestone-indicator{\nbackground-color:#f3f6f9;\n}\n.avia-timeline-container .av-milestone.av-5q7bhc-4e99e7a84359f5239a845c32a1078c11 .av-milestone-article-footer{\nbackground-color:#f3f6f9;\n}\n.avia-timeline-container .av-milestone.av-3zulao-eaba01342a256505ba79ba4642818e19 .av-milestone-icon-inner{\nbackground-color:#f3f6f9;\n}\n.avia-timeline-container .av-milestone.av-3zulao-eaba01342a256505ba79ba4642818e19 .av-milestone-indicator{\nbackground-color:#f3f6f9;\n}\n.avia-timeline-container .av-milestone.av-3zulao-eaba01342a256505ba79ba4642818e19 .av-milestone-article-footer{\nbackground-color:#f3f6f9;\n}\n.avia-timeline-container .av-milestone.av-g8jhs-5d9eac651a58c85017c24af8c9e71bcb .av-milestone-icon-inner{\nbackground-color:#f3f6f9;\n}\n.avia-timeline-container .av-milestone.av-g8jhs-5d9eac651a58c85017c24af8c9e71bcb .av-milestone-indicator{\nbackground-color:#f3f6f9;\n}\n.avia-timeline-container .av-milestone.av-g8jhs-5d9eac651a58c85017c24af8c9e71bcb .av-milestone-article-footer{\nbackground-color:#f3f6f9;\n}\n.avia-timeline-container .av-milestone.av-3zulao-3-c75f993732db2d8049d6225f2630b50d .av-milestone-icon-inner{\nbackground-color:#f3f6f9;\n}\n.avia-timeline-container .av-milestone.av-3zulao-3-c75f993732db2d8049d6225f2630b50d .av-milestone-indicator{\nbackground-color:#f3f6f9;\n}\n.avia-timeline-container .av-milestone.av-3zulao-3-c75f993732db2d8049d6225f2630b50d .av-milestone-article-footer{\nbackground-color:#f3f6f9;\n}\n.avia-timeline-container .av-milestone.av-g8jhs-2-d5d67bbb0b1e81fc1d7e2bd8be858d74 .av-milestone-icon-inner{\nbackground-color:#f3f6f9;\n}\n.avia-timeline-container .av-milestone.av-g8jhs-2-d5d67bbb0b1e81fc1d7e2bd8be858d74 .av-milestone-indicator{\nbackground-color:#f3f6f9;\n}\n.avia-timeline-container .av-milestone.av-g8jhs-2-d5d67bbb0b1e81fc1d7e2bd8be858d74 .av-milestone-article-footer{\nbackground-color:#f3f6f9;\n}\n<\/style>\n<div  id=\"avia-timeline-1\"  class='avia-timeline-container av-kfdpbf71-d9ec1c01fc5f67242331e40c65400f1b av-slideshow-ui  avia-builder-el-14  el_after_av_textblock  el_before_av_timeline  av-small-hide av-mini-hide' ><ul class='avia-timeline avia-timeline-vertical av-milestone-placement-alternate avia-timeline- avia_animate_when_almost_visible avia-timeline-animate'>\n<li  class='av-milestone av-c4c7nk-f1b4fb5e5965ab0c8cdd84f076019eeb av-animated-generic fade-in av-milestone-valign-middle av-milestone-odd'><h2 class='av-milestone-date ' id='milestone-1960'><strong>1960 <span class='av-milestone-indicator'><\/span><\/strong><\/h2><div class=\"av-milestone-icon-wrap\"><span class='av-milestone-icon milestone_icon milestone-icon-hasborder avia-font-'><span class='av-milestone-icon-inner milestone_inner'><i class='milestone-char' aria-hidden='true' data-av_icon='\ue857' data-av_iconfont='entypo-fontello'><\/i><\/span><\/span><\/div><article class='av-milestone-content-wrap'><div class='av-milestone-contentbox'><div class='av-milestone-content'><p><img loading=\"lazy\" decoding=\"async\" class=\"alignnone size-full wp-image-2374\" src=\"\/wp-content\/uploads\/2020\/10\/FRANCO-FERR.jpg\" alt=\"\" width=\"1200\" height=\"800\" srcset=\"https:\/\/www.fepagroup.com\/wp-content\/uploads\/2020\/10\/FRANCO-FERR.jpg 1200w, https:\/\/www.fepagroup.com\/wp-content\/uploads\/2020\/10\/FRANCO-FERR-300x200.jpg 300w, https:\/\/www.fepagroup.com\/wp-content\/uploads\/2020\/10\/FRANCO-FERR-1030x687.jpg 1030w, https:\/\/www.fepagroup.com\/wp-content\/uploads\/2020\/10\/FRANCO-FERR-768x512.jpg 768w, https:\/\/www.fepagroup.com\/wp-content\/uploads\/2020\/10\/FRANCO-FERR-705x470.jpg 705w\" sizes=\"(max-width: 1200px) 100vw, 1200px\" \/><br \/>\nI coniugi Ferretti aprono una piccola bottega nello scantinato di casa e iniziano a produrre scatole in cartone ondulato con macchine semiautomatiche.<\/p>\n<\/div><\/div><footer class='av-milestone-article-footer entry-footer'><\/footer><\/article><\/li>\n<li  class='av-milestone av-128akw-d38fd0bb2bb7dc843f259322930967ac av-animated-generic fade-in av-milestone-valign-middle av-milestone-even'><h2 class='av-milestone-date ' id='milestone-1985'><strong>1985<span class='av-milestone-indicator'><\/span><\/strong><\/h2><article class='av-milestone-content-wrap'><div class='av-milestone-contentbox'><div class='av-milestone-content'><p><img loading=\"lazy\" decoding=\"async\" class=\"alignnone size-full wp-image-2375\" src=\"\/wp-content\/uploads\/2020\/10\/sede-san-polo.jpg\" alt=\"\" width=\"1200\" height=\"800\" srcset=\"https:\/\/www.fepagroup.com\/wp-content\/uploads\/2020\/10\/sede-san-polo.jpg 1200w, https:\/\/www.fepagroup.com\/wp-content\/uploads\/2020\/10\/sede-san-polo-300x200.jpg 300w, https:\/\/www.fepagroup.com\/wp-content\/uploads\/2020\/10\/sede-san-polo-1030x687.jpg 1030w, https:\/\/www.fepagroup.com\/wp-content\/uploads\/2020\/10\/sede-san-polo-768x512.jpg 768w, https:\/\/www.fepagroup.com\/wp-content\/uploads\/2020\/10\/sede-san-polo-705x470.jpg 705w\" sizes=\"(max-width: 1200px) 100vw, 1200px\" \/><br \/>\nCi trasferiamo nell\u2019attuale sede di San Polo di Torrile (PR) e inseriamo linee di trasformazione per la produzione integrata, sistemi di confezionamento e di movimentazione automatici. Da questo momento siamo in grado di produrre fogli in cartone ondulato e di trasformarli in scatole. Sandra diventa leader del settore a livello nazionale.<\/p>\n<\/div><\/div><footer class='av-milestone-article-footer entry-footer'><\/footer><\/article><div class=\"av-milestone-icon-wrap\"><span class='av-milestone-icon milestone_icon milestone-icon-hasborder avia-font-ue8bb'><span class='av-milestone-icon-inner milestone_inner'><i class='milestone-char' aria-hidden='true' data-av_icon='' data-av_iconfont='ue8bb'><\/i><\/span><\/span><\/div><h2 class='av-milestone-date ' id='milestone-1985'><strong>1985<span class='av-milestone-indicator'><\/span><\/strong><\/h2><\/li>\n<li  class='av-milestone av-96iub4-761812f502db5e874c8888f7a70e6caa av-animated-generic fade-in av-milestone-valign-middle av-milestone-odd'><h2 class='av-milestone-date ' id='milestone-1998'><strong>1998<span class='av-milestone-indicator'><\/span><\/strong><\/h2><div class=\"av-milestone-icon-wrap\"><span class='av-milestone-icon milestone_icon milestone-icon-hasborder avia-font-ue8bb'><span class='av-milestone-icon-inner milestone_inner'><i class='milestone-char' aria-hidden='true' data-av_icon='' data-av_iconfont='ue8bb'><\/i><\/span><\/span><\/div><article class='av-milestone-content-wrap'><div class='av-milestone-contentbox'><div class='av-milestone-content'><p><img loading=\"lazy\" decoding=\"async\" class=\"alignnone size-full wp-image-2392\" src=\"\/wp-content\/uploads\/2020\/10\/CART-ONE-LOGO.jpg\" alt=\"\" width=\"600\" height=\"400\" srcset=\"https:\/\/www.fepagroup.com\/wp-content\/uploads\/2020\/10\/CART-ONE-LOGO.jpg 600w, https:\/\/www.fepagroup.com\/wp-content\/uploads\/2020\/10\/CART-ONE-LOGO-300x200.jpg 300w\" sizes=\"(max-width: 600px) 100vw, 600px\" \/><br \/>\nNasce Cart-One, la joint-venture che ci consente di estendere i nostri servizi su tutto il territorio italiano.<\/p>\n<\/div><\/div><footer class='av-milestone-article-footer entry-footer'><\/footer><\/article><\/li>\n<li  class='av-milestone av-7wyytc-721ec56d027eba83bb9de0c79fed4366 av-animated-generic fade-in av-milestone-valign-middle av-milestone-even'><h2 class='av-milestone-date ' id='milestone-2004'><strong>2004<span class='av-milestone-indicator'><\/span><\/strong><\/h2><article class='av-milestone-content-wrap'><div class='av-milestone-contentbox'><div class='av-milestone-content'><p><img loading=\"lazy\" decoding=\"async\" class=\"alignnone size-full wp-image-2377\" src=\"\/wp-content\/uploads\/2020\/10\/mezzani.jpg\" alt=\"\" width=\"1200\" height=\"800\" srcset=\"https:\/\/www.fepagroup.com\/wp-content\/uploads\/2020\/10\/mezzani.jpg 1200w, https:\/\/www.fepagroup.com\/wp-content\/uploads\/2020\/10\/mezzani-300x200.jpg 300w, https:\/\/www.fepagroup.com\/wp-content\/uploads\/2020\/10\/mezzani-1030x687.jpg 1030w, https:\/\/www.fepagroup.com\/wp-content\/uploads\/2020\/10\/mezzani-768x512.jpg 768w, https:\/\/www.fepagroup.com\/wp-content\/uploads\/2020\/10\/mezzani-705x470.jpg 705w\" sizes=\"(max-width: 1200px) 100vw, 1200px\" \/><br \/>\nIl nostro business si consolida e, per soddisfare al meglio le richieste, apriamo un nuovo polo produttivo a Mezzani (PR).<\/p>\n<\/div><\/div><footer class='av-milestone-article-footer entry-footer'><\/footer><\/article><div class=\"av-milestone-icon-wrap\"><span class='av-milestone-icon milestone_icon milestone-icon-hasborder avia-font-ue8bb'><span class='av-milestone-icon-inner milestone_inner'><i class='milestone-char' aria-hidden='true' data-av_icon='' data-av_iconfont='ue8bb'><\/i><\/span><\/span><\/div><h2 class='av-milestone-date ' id='milestone-2004'><strong>2004<span class='av-milestone-indicator'><\/span><\/strong><\/h2><\/li>\n<li  class='av-milestone av-5q7bhc-4e99e7a84359f5239a845c32a1078c11 av-animated-generic fade-in av-milestone-valign-middle av-milestone-odd'><h2 class='av-milestone-date ' id='milestone-2006'><strong>2006<span class='av-milestone-indicator'><\/span><\/strong><\/h2><div class=\"av-milestone-icon-wrap\"><span class='av-milestone-icon milestone_icon milestone-icon-hasborder avia-font-ue8bb'><span class='av-milestone-icon-inner milestone_inner'><i class='milestone-char' aria-hidden='true' data-av_icon='' data-av_iconfont='ue8bb'><\/i><\/span><\/span><\/div><article class='av-milestone-content-wrap'><div class='av-milestone-contentbox'><div class='av-milestone-content'><p>L\u2019alleanza italiana <a href=\"https:\/\/www.cart-one.com\/\" target=\"_blank\" rel=\"noopener\"><strong>Cart-One<\/strong><\/a> varca i confini nazionali e sbarca all\u2019estero. Costituiamo una partnership con altre tre grandi aziende estere storiche e di successo: Klingele Papierwerke GmbH &amp; Co.KG (Germania), VPK Packaging Group (Belgio), Hinojosa Packaging Solutions (Spain). Oggi siamo parte di <a href=\"https:\/\/www.packaging4europe.com\/\" target=\"_blank\" rel=\"noopener\"><strong>BBP Partners<\/strong><\/a>. Questa collaborazione ci permette di soddisfare le richieste dei clienti in tutta Europa.<br \/>\n<img loading=\"lazy\" decoding=\"async\" class=\"alignnone size-full wp-image-1884\" src=\"\/wp-content\/uploads\/2020\/09\/BLUE-BOX-IMG-01.jpg\" alt=\"\" width=\"1200\" height=\"800\" srcset=\"https:\/\/www.fepagroup.com\/wp-content\/uploads\/2020\/09\/BLUE-BOX-IMG-01.jpg 1200w, https:\/\/www.fepagroup.com\/wp-content\/uploads\/2020\/09\/BLUE-BOX-IMG-01-300x200.jpg 300w, https:\/\/www.fepagroup.com\/wp-content\/uploads\/2020\/09\/BLUE-BOX-IMG-01-1030x687.jpg 1030w, https:\/\/www.fepagroup.com\/wp-content\/uploads\/2020\/09\/BLUE-BOX-IMG-01-768x512.jpg 768w, https:\/\/www.fepagroup.com\/wp-content\/uploads\/2020\/09\/BLUE-BOX-IMG-01-705x470.jpg 705w\" sizes=\"(max-width: 1200px) 100vw, 1200px\" \/><\/p>\n<\/div><\/div><footer class='av-milestone-article-footer entry-footer'><\/footer><\/article><\/li>\n<li  class='av-milestone av-3zulao-eaba01342a256505ba79ba4642818e19 av-animated-generic fade-in av-milestone-valign-middle av-milestone-even'><h2 class='av-milestone-date ' id='milestone-2014'><strong>2014<span class='av-milestone-indicator'><\/span><\/strong><\/h2><article class='av-milestone-content-wrap'><div class='av-milestone-contentbox'><div class='av-milestone-content'><p><img loading=\"lazy\" decoding=\"async\" class=\"alignnone size-full wp-image-2379\" src=\"\/wp-content\/uploads\/2020\/10\/sandra-digital-e.jpg\" alt=\"\" width=\"1200\" height=\"800\" srcset=\"https:\/\/www.fepagroup.com\/wp-content\/uploads\/2020\/10\/sandra-digital-e.jpg 1200w, https:\/\/www.fepagroup.com\/wp-content\/uploads\/2020\/10\/sandra-digital-e-300x200.jpg 300w, https:\/\/www.fepagroup.com\/wp-content\/uploads\/2020\/10\/sandra-digital-e-1030x687.jpg 1030w, https:\/\/www.fepagroup.com\/wp-content\/uploads\/2020\/10\/sandra-digital-e-768x512.jpg 768w, https:\/\/www.fepagroup.com\/wp-content\/uploads\/2020\/10\/sandra-digital-e-705x470.jpg 705w\" sizes=\"(max-width: 1200px) 100vw, 1200px\" \/><br \/>\nNasce il progetto \u201cSandra digitale\u201d. Inseriamo nel nostro parco macchine, a fianco delle gi\u00e0 esistenti macchine per stampa flessografica, la <a href=\"https:\/\/www.fepagroup.com\/it\/innovazione\/stampa-digitale\/\"><strong>linea Nasikajet<\/strong><\/a> ad altissimo contenuto tecnologico, specializzata nella stampa digitale.<\/p>\n<\/div><\/div><footer class='av-milestone-article-footer entry-footer'><\/footer><\/article><div class=\"av-milestone-icon-wrap\"><span class='av-milestone-icon milestone_icon milestone-icon-hasborder avia-font-ue8bb'><span class='av-milestone-icon-inner milestone_inner'><i class='milestone-char' aria-hidden='true' data-av_icon='' data-av_iconfont='ue8bb'><\/i><\/span><\/span><\/div><h2 class='av-milestone-date ' id='milestone-2014'><strong>2014<span class='av-milestone-indicator'><\/span><\/strong><\/h2><\/li>\n<li  class='av-milestone av-g8jhs-5d9eac651a58c85017c24af8c9e71bcb av-animated-generic fade-in av-milestone-valign-middle av-milestone-odd'><h2 class='av-milestone-date ' id='milestone-2022'><strong>2022<span class='av-milestone-indicator'><\/span><\/strong><\/h2><div class=\"av-milestone-icon-wrap\"><span class='av-milestone-icon milestone_icon milestone-icon-hasborder avia-font-ue8bb'><span class='av-milestone-icon-inner milestone_inner'><i class='milestone-char' aria-hidden='true' data-av_icon='' data-av_iconfont='ue8bb'><\/i><\/span><\/span><\/div><article class='av-milestone-content-wrap'><div class='av-milestone-contentbox'><div class='av-milestone-content'><p><img loading=\"lazy\" decoding=\"async\" class=\"alignnone size-full wp-image-5237\" src=\"https:\/\/www.fepagroup.com\/wp-content\/uploads\/2024\/04\/before-Mezzani-2.jpg\" alt=\"\" width=\"600\" height=\"338\" srcset=\"https:\/\/www.fepagroup.com\/wp-content\/uploads\/2024\/04\/before-Mezzani-2.jpg 600w, https:\/\/www.fepagroup.com\/wp-content\/uploads\/2024\/04\/before-Mezzani-2-300x169.jpg 300w\" sizes=\"(max-width: 600px) 100vw, 600px\" \/><br \/>\n<em>Mezzani 2<\/em><\/p>\n<p>Sono avviati i lavori di ampliamento del sito produttivo di Mezzani che, con la creazione del nuovo stabilimento MEZZANI 2 e l\u2019introduzione del terzo ondulatore (BHS 2800) permetter\u00e0 di incrementare , a regime, del 60% la capacit\u00e0 produttiva, ottenere una maggiore flessibilit\u00e0 operativa ed ampliare il portafoglio prodotto con l\u2019introduzione della nano-onda.<\/p>\n<p><img loading=\"lazy\" decoding=\"async\" class=\"alignnone size-full wp-image-5235\" src=\"https:\/\/www.fepagroup.com\/wp-content\/uploads\/2024\/04\/BHS-2800-Mezzani-2.jpg\" alt=\"\" width=\"600\" height=\"337\" srcset=\"https:\/\/www.fepagroup.com\/wp-content\/uploads\/2024\/04\/BHS-2800-Mezzani-2.jpg 600w, https:\/\/www.fepagroup.com\/wp-content\/uploads\/2024\/04\/BHS-2800-Mezzani-2-300x169.jpg 300w\" sizes=\"(max-width: 600px) 100vw, 600px\" \/><br \/>\n<em>Nuovo ondulatore BHS 2800<\/em><\/p>\n<\/div><\/div><footer class='av-milestone-article-footer entry-footer'><\/footer><\/article><\/li>\n<li  class='av-milestone av-3zulao-3-c75f993732db2d8049d6225f2630b50d av-animated-generic fade-in av-milestone-valign-middle av-milestone-even'><h2 class='av-milestone-date ' id='milestone-2023'><strong>2023<span class='av-milestone-indicator'><\/span><\/strong><\/h2><article class='av-milestone-content-wrap'><div class='av-milestone-contentbox'><div class='av-milestone-content'><p><img decoding=\"async\" class=\"alignnone size-full wp-image-4457\" src=\"https:\/\/www.fepagroup.com\/wp-content\/uploads\/2023\/02\/FEPA-Logo-definitivo-2.svg\" alt=\"\" \/><br \/>\nIl nome Sandra muta in FEPA SpA, acronimo di Ferretti Packaging. In una fase di cambio generazionale, scegliamo di consacrare l\u2019importanza della centralit\u00e0 della famiglia Ferretti anche tramite un cambio epocale della denominazione sociale. Un nuovo nome che ci rappresenta in modo aggiornato e coerente con la nostra attuale fisionomia.<\/p>\n<\/div><\/div><footer class='av-milestone-article-footer entry-footer'><\/footer><\/article><div class=\"av-milestone-icon-wrap\"><span class='av-milestone-icon milestone_icon milestone-icon-hasborder avia-font-ue8bb'><span class='av-milestone-icon-inner milestone_inner'><i class='milestone-char' aria-hidden='true' data-av_icon='' data-av_iconfont='ue8bb'><\/i><\/span><\/span><\/div><h2 class='av-milestone-date ' id='milestone-2023'><strong>2023<span class='av-milestone-indicator'><\/span><\/strong><\/h2><\/li>\n<li  class='av-milestone av-g8jhs-2-d5d67bbb0b1e81fc1d7e2bd8be858d74 av-animated-generic fade-in av-milestone-valign-middle av-milestone-odd'><h2 class='av-milestone-date ' id='milestone-oggi'><strong>Oggi<span class='av-milestone-indicator'><\/span><\/strong><\/h2><div class=\"av-milestone-icon-wrap\"><span class='av-milestone-icon milestone_icon milestone-icon-hasborder avia-font-ue8bb'><span class='av-milestone-icon-inner milestone_inner'><i class='milestone-char' aria-hidden='true' data-av_icon='' data-av_iconfont='ue8bb'><\/i><\/span><\/span><\/div><article class='av-milestone-content-wrap'><div class='av-milestone-contentbox'><div class='av-milestone-content'><p><img loading=\"lazy\" decoding=\"async\" class=\"alignnone size-full wp-image-2380\" src=\"\/wp-content\/uploads\/2020\/10\/oggi.jpg\" alt=\"\" width=\"1200\" height=\"800\" srcset=\"https:\/\/www.fepagroup.com\/wp-content\/uploads\/2020\/10\/oggi.jpg 1200w, https:\/\/www.fepagroup.com\/wp-content\/uploads\/2020\/10\/oggi-300x200.jpg 300w, https:\/\/www.fepagroup.com\/wp-content\/uploads\/2020\/10\/oggi-1030x687.jpg 1030w, https:\/\/www.fepagroup.com\/wp-content\/uploads\/2020\/10\/oggi-768x512.jpg 768w, https:\/\/www.fepagroup.com\/wp-content\/uploads\/2020\/10\/oggi-705x470.jpg 705w\" sizes=\"(max-width: 1200px) 100vw, 1200px\" \/><\/p>\n<p>SIamo una realt\u00e0 strutturata e in continua crescita. Il nostro team \u00e8 composto da 500 collaboratori che lavorano nei due stabilimenti di San Polo (40.000 mq) e Mezzani (57.000 mq) con una capacit\u00e0 produttiva totale annua di 650 mln di mq. Ogni anno una parte del nostro fatturato viene regolarmente investito in innovazione, tecnologie e formazione.<\/p>\n<p><a href=\"https:\/\/www.fepagroup.com\/wp-content\/uploads\/2022\/06\/Fausto-Ferretti-img.jpg\"><img loading=\"lazy\" decoding=\"async\" class=\"alignnone size-full wp-image-4204\" src=\"https:\/\/www.fepagroup.com\/wp-content\/uploads\/2022\/06\/Fausto-Ferretti-img.jpg\" alt=\"\" width=\"1200\" height=\"800\" srcset=\"https:\/\/www.fepagroup.com\/wp-content\/uploads\/2022\/06\/Fausto-Ferretti-img.jpg 1200w, https:\/\/www.fepagroup.com\/wp-content\/uploads\/2022\/06\/Fausto-Ferretti-img-300x200.jpg 300w, https:\/\/www.fepagroup.com\/wp-content\/uploads\/2022\/06\/Fausto-Ferretti-img-1030x687.jpg 1030w, https:\/\/www.fepagroup.com\/wp-content\/uploads\/2022\/06\/Fausto-Ferretti-img-768x512.jpg 768w, https:\/\/www.fepagroup.com\/wp-content\/uploads\/2022\/06\/Fausto-Ferretti-img-705x470.jpg 705w\" sizes=\"(max-width: 1200px) 100vw, 1200px\" \/><\/a><\/p>\n<p>Oggi \u00e8 Fausto Ferretti, figlio di Franco, a condurre l\u2019azienda, in qualit\u00e0 di Amministratore Delegato.<br \/>\nUn\u2019esperienza quella di Fausto nel settore del cartone ondulato, che lo ha portato a raggiungere numerosi traguardi all\u2019interno della sua attivit\u00e0 e a ricoprire incarichi di prestigio anche in organizzazioni esterne all\u2019azienda.<br \/>\n_________________<\/p>\n<div  class='avia-button-wrap av-25282f-95834b29fbe796b853da79128db6ba7d-wrap avia-button-left  avia-builder-el-15  avia-builder-el-no-sibling '>\n<style type=\"text\/css\" data-created_by=\"avia_inline_auto\" id=\"style-css-av-25282f-95834b29fbe796b853da79128db6ba7d\">\n#top #wrap_all .avia-button.av-25282f-95834b29fbe796b853da79128db6ba7d{\nbackground-color:#ffffff;\nborder-color:#ffffff;\ncolor:#000000;\n-webkit-transition:all 0.4s ease-in-out;\n-moz-transition:all 0.4s ease-in-out;\n-ms-transition:all 0.4s ease-in-out;\n-o-transition:all 0.4s ease-in-out;\ntransition:all 0.4s ease-in-out;\n}\n<\/style>\n<a href='https:\/\/www.fepagroup.com\/wp-content\/uploads\/2023\/05\/CV-Fausto-Ferretti.pdf' class='avia-button av-25282f-95834b29fbe796b853da79128db6ba7d avia-icon_select-yes-right-icon avia-size-medium avia-position-left' target=\"_blank\" rel=\"noopener noreferrer\"><span class='avia_iconbox_title' >Accedi al CV di Fausto Ferretti<\/span><span class='avia_button_icon avia_button_icon_right' aria-hidden='true' data-av_icon='' data-av_iconfont='ue8bb'><\/span><\/a><\/div>\n<\/div><\/div><footer class='av-milestone-article-footer entry-footer'><\/footer><\/article><\/li>\n<\/ul><\/div><br \/>\n\n<style type=\"text\/css\" data-created_by=\"avia_inline_auto\" id=\"style-css-av-kfdpbf71-4-a3fdde215048b81430502620c2e8e1f3\">\n.avia-timeline-container.av-kfdpbf71-4-a3fdde215048b81430502620c2e8e1f3 .av-milestone-date{\ncolor:#000000;\n}\n.avia-timeline-container.av-kfdpbf71-4-a3fdde215048b81430502620c2e8e1f3 .av-milestone-content{\ncolor:#000000;\n}\n.avia-timeline-container.av-kfdpbf71-4-a3fdde215048b81430502620c2e8e1f3 .av-milestone-icon.milestone-icon-hasborder{\nbackground-color:#f3f6f9;\n}\n.avia-timeline-container.av-kfdpbf71-4-a3fdde215048b81430502620c2e8e1f3 .av-milestone-icon-inner{\nbackground-color:#f3f6f9;\ncolor:#000000;\n}\n.avia-timeline-container.av-kfdpbf71-4-a3fdde215048b81430502620c2e8e1f3 .av-milestone-indicator{\nbackground-color:#f3f6f9;\n}\n.avia-timeline-container.av-kfdpbf71-4-a3fdde215048b81430502620c2e8e1f3 .av-milestone-article-footer{\nbackground-color:#f3f6f9;\n}\n<\/style>\n\n<style type=\"text\/css\" data-created_by=\"avia_inline_auto\" id=\"style-css-sub-av-kfdpbf71-4-a3fdde215048b81430502620c2e8e1f3\">\n.avia-timeline-container .av-milestone.av-c4c7nk-f1b4fb5e5965ab0c8cdd84f076019eeb .av-milestone-icon-inner{\nbackground-color:#f3f6f9;\n}\n.avia-timeline-container .av-milestone.av-c4c7nk-f1b4fb5e5965ab0c8cdd84f076019eeb .av-milestone-indicator{\nbackground-color:#f3f6f9;\n}\n.avia-timeline-container .av-milestone.av-c4c7nk-f1b4fb5e5965ab0c8cdd84f076019eeb .av-milestone-article-footer{\nbackground-color:#f3f6f9;\n}\n.avia-timeline-container .av-milestone.av-128akw-d38fd0bb2bb7dc843f259322930967ac .av-milestone-icon-inner{\nbackground-color:#f3f6f9;\n}\n.avia-timeline-container .av-milestone.av-128akw-d38fd0bb2bb7dc843f259322930967ac .av-milestone-indicator{\nbackground-color:#f3f6f9;\n}\n.avia-timeline-container .av-milestone.av-128akw-d38fd0bb2bb7dc843f259322930967ac .av-milestone-article-footer{\nbackground-color:#f3f6f9;\n}\n.avia-timeline-container .av-milestone.av-96iub4-761812f502db5e874c8888f7a70e6caa .av-milestone-icon-inner{\nbackground-color:#f3f6f9;\n}\n.avia-timeline-container .av-milestone.av-96iub4-761812f502db5e874c8888f7a70e6caa .av-milestone-indicator{\nbackground-color:#f3f6f9;\n}\n.avia-timeline-container .av-milestone.av-96iub4-761812f502db5e874c8888f7a70e6caa .av-milestone-article-footer{\nbackground-color:#f3f6f9;\n}\n.avia-timeline-container .av-milestone.av-7wyytc-721ec56d027eba83bb9de0c79fed4366 .av-milestone-icon-inner{\nbackground-color:#f3f6f9;\n}\n.avia-timeline-container .av-milestone.av-7wyytc-721ec56d027eba83bb9de0c79fed4366 .av-milestone-indicator{\nbackground-color:#f3f6f9;\n}\n.avia-timeline-container .av-milestone.av-7wyytc-721ec56d027eba83bb9de0c79fed4366 .av-milestone-article-footer{\nbackground-color:#f3f6f9;\n}\n.avia-timeline-container .av-milestone.av-5q7bhc-4e99e7a84359f5239a845c32a1078c11 .av-milestone-icon-inner{\nbackground-color:#f3f6f9;\n}\n.avia-timeline-container .av-milestone.av-5q7bhc-4e99e7a84359f5239a845c32a1078c11 .av-milestone-indicator{\nbackground-color:#f3f6f9;\n}\n.avia-timeline-container .av-milestone.av-5q7bhc-4e99e7a84359f5239a845c32a1078c11 .av-milestone-article-footer{\nbackground-color:#f3f6f9;\n}\n.avia-timeline-container .av-milestone.av-3zulao-eaba01342a256505ba79ba4642818e19 .av-milestone-icon-inner{\nbackground-color:#f3f6f9;\n}\n.avia-timeline-container .av-milestone.av-3zulao-eaba01342a256505ba79ba4642818e19 .av-milestone-indicator{\nbackground-color:#f3f6f9;\n}\n.avia-timeline-container .av-milestone.av-3zulao-eaba01342a256505ba79ba4642818e19 .av-milestone-article-footer{\nbackground-color:#f3f6f9;\n}\n.avia-timeline-container .av-milestone.av-g8jhs-5d9eac651a58c85017c24af8c9e71bcb .av-milestone-icon-inner{\nbackground-color:#f3f6f9;\n}\n.avia-timeline-container .av-milestone.av-g8jhs-5d9eac651a58c85017c24af8c9e71bcb .av-milestone-indicator{\nbackground-color:#f3f6f9;\n}\n.avia-timeline-container .av-milestone.av-g8jhs-5d9eac651a58c85017c24af8c9e71bcb .av-milestone-article-footer{\nbackground-color:#f3f6f9;\n}\n.avia-timeline-container .av-milestone.av-3zulao-3-c75f993732db2d8049d6225f2630b50d .av-milestone-icon-inner{\nbackground-color:#f3f6f9;\n}\n.avia-timeline-container .av-milestone.av-3zulao-3-c75f993732db2d8049d6225f2630b50d .av-milestone-indicator{\nbackground-color:#f3f6f9;\n}\n.avia-timeline-container .av-milestone.av-3zulao-3-c75f993732db2d8049d6225f2630b50d .av-milestone-article-footer{\nbackground-color:#f3f6f9;\n}\n.avia-timeline-container .av-milestone.av-g8jhs-2-d5d67bbb0b1e81fc1d7e2bd8be858d74 .av-milestone-icon-inner{\nbackground-color:#f3f6f9;\n}\n.avia-timeline-container .av-milestone.av-g8jhs-2-d5d67bbb0b1e81fc1d7e2bd8be858d74 .av-milestone-indicator{\nbackground-color:#f3f6f9;\n}\n.avia-timeline-container .av-milestone.av-g8jhs-2-d5d67bbb0b1e81fc1d7e2bd8be858d74 .av-milestone-article-footer{\nbackground-color:#f3f6f9;\n}\n.avia-timeline-container .av-milestone.av-bz5qow-97b2b7538f33925f5a27f85400494fed .av-milestone-icon-inner{\nbackground-color:#f3f6f9;\n}\n.avia-timeline-container .av-milestone.av-bz5qow-97b2b7538f33925f5a27f85400494fed .av-milestone-indicator{\nbackground-color:#f3f6f9;\n}\n.avia-timeline-container .av-milestone.av-bz5qow-97b2b7538f33925f5a27f85400494fed .av-milestone-article-footer{\nbackground-color:#f3f6f9;\n}\n.avia-timeline-container .av-milestone.av-arh61c-e2eadd61cd161ce4ff9cab12dc6bf3ea .av-milestone-icon-inner{\nbackground-color:#f3f6f9;\n}\n.avia-timeline-container .av-milestone.av-arh61c-e2eadd61cd161ce4ff9cab12dc6bf3ea .av-milestone-indicator{\nbackground-color:#f3f6f9;\n}\n.avia-timeline-container .av-milestone.av-arh61c-e2eadd61cd161ce4ff9cab12dc6bf3ea .av-milestone-article-footer{\nbackground-color:#f3f6f9;\n}\n.avia-timeline-container .av-milestone.av-8x0c28-c5c36702a2d81b42743efc6390bae374 .av-milestone-icon-inner{\nbackground-color:#f3f6f9;\n}\n.avia-timeline-container .av-milestone.av-8x0c28-c5c36702a2d81b42743efc6390bae374 .av-milestone-indicator{\nbackground-color:#f3f6f9;\n}\n.avia-timeline-container .av-milestone.av-8x0c28-c5c36702a2d81b42743efc6390bae374 .av-milestone-article-footer{\nbackground-color:#f3f6f9;\n}\n.avia-timeline-container .av-milestone.av-86mtyo-126153d3f837c4a14deb3242a7ab9600 .av-milestone-icon-inner{\nbackground-color:#f3f6f9;\n}\n.avia-timeline-container .av-milestone.av-86mtyo-126153d3f837c4a14deb3242a7ab9600 .av-milestone-indicator{\nbackground-color:#f3f6f9;\n}\n.avia-timeline-container .av-milestone.av-86mtyo-126153d3f837c4a14deb3242a7ab9600 .av-milestone-article-footer{\nbackground-color:#f3f6f9;\n}\n.avia-timeline-container .av-milestone.av-5j6ejk-7cebbcd4376a6cd3f1da466b923dff4b .av-milestone-icon-inner{\nbackground-color:#f3f6f9;\n}\n.avia-timeline-container .av-milestone.av-5j6ejk-7cebbcd4376a6cd3f1da466b923dff4b .av-milestone-indicator{\nbackground-color:#f3f6f9;\n}\n.avia-timeline-container .av-milestone.av-5j6ejk-7cebbcd4376a6cd3f1da466b923dff4b .av-milestone-article-footer{\nbackground-color:#f3f6f9;\n}\n.avia-timeline-container .av-milestone.av-4qtqps-36f6cbf6dda442b83543f4dc6ec6df04 .av-milestone-icon-inner{\nbackground-color:#f3f6f9;\n}\n.avia-timeline-container .av-milestone.av-4qtqps-36f6cbf6dda442b83543f4dc6ec6df04 .av-milestone-indicator{\nbackground-color:#f3f6f9;\n}\n.avia-timeline-container .av-milestone.av-4qtqps-36f6cbf6dda442b83543f4dc6ec6df04 .av-milestone-article-footer{\nbackground-color:#f3f6f9;\n}\n.avia-timeline-container .av-milestone.av-2zrq1c-34b6a37587218bcf46bb295829e7246d .av-milestone-icon-inner{\nbackground-color:#f3f6f9;\n}\n.avia-timeline-container .av-milestone.av-2zrq1c-34b6a37587218bcf46bb295829e7246d .av-milestone-indicator{\nbackground-color:#f3f6f9;\n}\n.avia-timeline-container .av-milestone.av-2zrq1c-34b6a37587218bcf46bb295829e7246d .av-milestone-article-footer{\nbackground-color:#f3f6f9;\n}\n.avia-timeline-container .av-milestone.av-4qtqps-1-48e2adbcd8aa44bda67ea0056dc23c45 .av-milestone-icon-inner{\nbackground-color:#f3f6f9;\n}\n.avia-timeline-container .av-milestone.av-4qtqps-1-48e2adbcd8aa44bda67ea0056dc23c45 .av-milestone-indicator{\nbackground-color:#f3f6f9;\n}\n.avia-timeline-container .av-milestone.av-4qtqps-1-48e2adbcd8aa44bda67ea0056dc23c45 .av-milestone-article-footer{\nbackground-color:#f3f6f9;\n}\n.avia-timeline-container .av-milestone.av-2zrq1c-1-26ef6d159ef772b9bdf94676dbef4048 .av-milestone-icon-inner{\nbackground-color:#f3f6f9;\n}\n.avia-timeline-container .av-milestone.av-2zrq1c-1-26ef6d159ef772b9bdf94676dbef4048 .av-milestone-indicator{\nbackground-color:#f3f6f9;\n}\n.avia-timeline-container .av-milestone.av-2zrq1c-1-26ef6d159ef772b9bdf94676dbef4048 .av-milestone-article-footer{\nbackground-color:#f3f6f9;\n}\n<\/style>\n<div  id=\"avia-timeline-2\"  class='avia-timeline-container av-kfdpbf71-4-a3fdde215048b81430502620c2e8e1f3 av-slideshow-ui  avia-builder-el-16  el_after_av_timeline  avia-builder-el-last  av-desktop-hide av-medium-hide' ><ul class='avia-timeline avia-timeline-vertical av-milestone-placement-left avia-timeline- avia_animate_when_almost_visible avia-timeline-animate'>\n<li  class='av-milestone av-bz5qow-97b2b7538f33925f5a27f85400494fed av-animated-generic fade-in av-milestone-valign-middle av-milestone-odd'><h2 class='av-milestone-date ' id='milestone-1960'><strong>1960 <span class='av-milestone-indicator'><\/span><\/strong><\/h2><div class=\"av-milestone-icon-wrap\"><span class='av-milestone-icon milestone_icon milestone-icon-hasborder avia-font-'><span class='av-milestone-icon-inner milestone_inner'><i class='milestone-char' aria-hidden='true' data-av_icon='\ue857' data-av_iconfont='entypo-fontello'><\/i><\/span><\/span><\/div><article class='av-milestone-content-wrap'><div class='av-milestone-contentbox'><div class='av-milestone-content'><p><img loading=\"lazy\" decoding=\"async\" class=\"alignnone size-full wp-image-2374\" src=\"\/wp-content\/uploads\/2020\/10\/FRANCO-FERR.jpg\" alt=\"\" width=\"1200\" height=\"800\" srcset=\"https:\/\/www.fepagroup.com\/wp-content\/uploads\/2020\/10\/FRANCO-FERR.jpg 1200w, https:\/\/www.fepagroup.com\/wp-content\/uploads\/2020\/10\/FRANCO-FERR-300x200.jpg 300w, https:\/\/www.fepagroup.com\/wp-content\/uploads\/2020\/10\/FRANCO-FERR-1030x687.jpg 1030w, https:\/\/www.fepagroup.com\/wp-content\/uploads\/2020\/10\/FRANCO-FERR-768x512.jpg 768w, https:\/\/www.fepagroup.com\/wp-content\/uploads\/2020\/10\/FRANCO-FERR-705x470.jpg 705w\" sizes=\"(max-width: 1200px) 100vw, 1200px\" \/><br \/>\nI coniugi Ferretti aprono una piccola bottega nello scantinato di casa e iniziano a produrre scatole in cartone ondulato con macchine semiautomatiche.<\/p>\n<\/div><\/div><footer class='av-milestone-article-footer entry-footer'><\/footer><\/article><\/li>\n<li  class='av-milestone av-arh61c-e2eadd61cd161ce4ff9cab12dc6bf3ea av-animated-generic fade-in av-milestone-valign-middle av-milestone-even'><h2 class='av-milestone-date ' id='milestone-1985'><strong>1985<span class='av-milestone-indicator'><\/span><\/strong><\/h2><div class=\"av-milestone-icon-wrap\"><span class='av-milestone-icon milestone_icon milestone-icon-hasborder avia-font-ue8bb'><span class='av-milestone-icon-inner milestone_inner'><i class='milestone-char' aria-hidden='true' data-av_icon='' data-av_iconfont='ue8bb'><\/i><\/span><\/span><\/div><article class='av-milestone-content-wrap'><div class='av-milestone-contentbox'><div class='av-milestone-content'><p><img loading=\"lazy\" decoding=\"async\" class=\"alignnone size-full wp-image-2375\" src=\"\/wp-content\/uploads\/2020\/10\/sede-san-polo.jpg\" alt=\"\" width=\"1200\" height=\"800\" srcset=\"https:\/\/www.fepagroup.com\/wp-content\/uploads\/2020\/10\/sede-san-polo.jpg 1200w, https:\/\/www.fepagroup.com\/wp-content\/uploads\/2020\/10\/sede-san-polo-300x200.jpg 300w, https:\/\/www.fepagroup.com\/wp-content\/uploads\/2020\/10\/sede-san-polo-1030x687.jpg 1030w, https:\/\/www.fepagroup.com\/wp-content\/uploads\/2020\/10\/sede-san-polo-768x512.jpg 768w, https:\/\/www.fepagroup.com\/wp-content\/uploads\/2020\/10\/sede-san-polo-705x470.jpg 705w\" sizes=\"(max-width: 1200px) 100vw, 1200px\" \/><br \/>\nCi trasferiamo nell\u2019attuale sede di San Polo di Torrile (PR) e inseriamo linee di trasformazione per la produzione integrata, sistemi di confezionamento e di movimentazione automatici. Da questo momento siamo in grado di produrre fogli in cartone ondulato e di trasformarli in scatole. Sandra diventa leader del settore a livello nazionale.<\/p>\n<\/div><\/div><footer class='av-milestone-article-footer entry-footer'><\/footer><\/article><\/li>\n<li  class='av-milestone av-8x0c28-c5c36702a2d81b42743efc6390bae374 av-animated-generic fade-in av-milestone-valign-middle av-milestone-odd'><h2 class='av-milestone-date ' id='milestone-1998'><strong>1998<span class='av-milestone-indicator'><\/span><\/strong><\/h2><div class=\"av-milestone-icon-wrap\"><span class='av-milestone-icon milestone_icon milestone-icon-hasborder avia-font-ue8bb'><span class='av-milestone-icon-inner milestone_inner'><i class='milestone-char' aria-hidden='true' data-av_icon='' data-av_iconfont='ue8bb'><\/i><\/span><\/span><\/div><article class='av-milestone-content-wrap'><div class='av-milestone-contentbox'><div class='av-milestone-content'><p><img loading=\"lazy\" decoding=\"async\" class=\"alignnone size-full wp-image-2392\" src=\"\/wp-content\/uploads\/2020\/10\/CART-ONE-LOGO.jpg\" alt=\"\" width=\"600\" height=\"400\" srcset=\"https:\/\/www.fepagroup.com\/wp-content\/uploads\/2020\/10\/CART-ONE-LOGO.jpg 600w, https:\/\/www.fepagroup.com\/wp-content\/uploads\/2020\/10\/CART-ONE-LOGO-300x200.jpg 300w\" sizes=\"(max-width: 600px) 100vw, 600px\" \/><br \/>\nNasce Cart-One, la joint-venture che ci consente di estendere i nostri servizi su tutto il territorio italiano.<\/p>\n<\/div><\/div><footer class='av-milestone-article-footer entry-footer'><\/footer><\/article><\/li>\n<li  class='av-milestone av-86mtyo-126153d3f837c4a14deb3242a7ab9600 av-animated-generic fade-in av-milestone-valign-middle av-milestone-even'><h2 class='av-milestone-date ' id='milestone-2004'><strong>2004<span class='av-milestone-indicator'><\/span><\/strong><\/h2><div class=\"av-milestone-icon-wrap\"><span class='av-milestone-icon milestone_icon milestone-icon-hasborder avia-font-ue8bb'><span class='av-milestone-icon-inner milestone_inner'><i class='milestone-char' aria-hidden='true' data-av_icon='' data-av_iconfont='ue8bb'><\/i><\/span><\/span><\/div><article class='av-milestone-content-wrap'><div class='av-milestone-contentbox'><div class='av-milestone-content'><p><img loading=\"lazy\" decoding=\"async\" class=\"alignnone size-full wp-image-2377\" src=\"\/wp-content\/uploads\/2020\/10\/mezzani.jpg\" alt=\"\" width=\"1200\" height=\"800\" srcset=\"https:\/\/www.fepagroup.com\/wp-content\/uploads\/2020\/10\/mezzani.jpg 1200w, https:\/\/www.fepagroup.com\/wp-content\/uploads\/2020\/10\/mezzani-300x200.jpg 300w, https:\/\/www.fepagroup.com\/wp-content\/uploads\/2020\/10\/mezzani-1030x687.jpg 1030w, https:\/\/www.fepagroup.com\/wp-content\/uploads\/2020\/10\/mezzani-768x512.jpg 768w, https:\/\/www.fepagroup.com\/wp-content\/uploads\/2020\/10\/mezzani-705x470.jpg 705w\" sizes=\"(max-width: 1200px) 100vw, 1200px\" \/><br \/>\nIl nostro business si consolida e, per soddisfare al meglio le richieste, apriamo un nuovo polo produttivo a Mezzani (PR).<\/p>\n<\/div><\/div><footer class='av-milestone-article-footer entry-footer'><\/footer><\/article><\/li>\n<li  class='av-milestone av-5j6ejk-7cebbcd4376a6cd3f1da466b923dff4b av-animated-generic fade-in av-milestone-valign-middle av-milestone-odd'><h2 class='av-milestone-date ' id='milestone-2006'><strong>2006<span class='av-milestone-indicator'><\/span><\/strong><\/h2><div class=\"av-milestone-icon-wrap\"><span class='av-milestone-icon milestone_icon milestone-icon-hasborder avia-font-ue8bb'><span class='av-milestone-icon-inner milestone_inner'><i class='milestone-char' aria-hidden='true' data-av_icon='' data-av_iconfont='ue8bb'><\/i><\/span><\/span><\/div><article class='av-milestone-content-wrap'><div class='av-milestone-contentbox'><div class='av-milestone-content'><p>L\u2019alleanza italiana <a href=\"https:\/\/www.cart-one.com\/\" target=\"_blank\" rel=\"noopener\"><strong>Cart-One<\/strong><\/a> varca i confini nazionali e sbarca all\u2019estero. Costituiamo una partnership con altre tre grandi aziende estere storiche e di successo: Klingele Papierwerke GmbH &amp; Co.KG (Germania), VPK Packaging Group (Belgio), Hinojosa Packaging Solutions (Spain). Oggi siamo parte di <a href=\"https:\/\/www.packaging4europe.com\/\" target=\"_blank\" rel=\"noopener\"><strong>BBP Partners<\/strong><\/a>. Questa collaborazione ci permette di soddisfare le richieste dei clienti in tutta Europa.<br \/>\n<img loading=\"lazy\" decoding=\"async\" class=\"alignnone size-full wp-image-1884\" src=\"\/wp-content\/uploads\/2020\/09\/BLUE-BOX-IMG-01.jpg\" alt=\"\" width=\"1200\" height=\"800\" srcset=\"https:\/\/www.fepagroup.com\/wp-content\/uploads\/2020\/09\/BLUE-BOX-IMG-01.jpg 1200w, https:\/\/www.fepagroup.com\/wp-content\/uploads\/2020\/09\/BLUE-BOX-IMG-01-300x200.jpg 300w, https:\/\/www.fepagroup.com\/wp-content\/uploads\/2020\/09\/BLUE-BOX-IMG-01-1030x687.jpg 1030w, https:\/\/www.fepagroup.com\/wp-content\/uploads\/2020\/09\/BLUE-BOX-IMG-01-768x512.jpg 768w, https:\/\/www.fepagroup.com\/wp-content\/uploads\/2020\/09\/BLUE-BOX-IMG-01-705x470.jpg 705w\" sizes=\"(max-width: 1200px) 100vw, 1200px\" \/><\/p>\n<\/div><\/div><footer class='av-milestone-article-footer entry-footer'><\/footer><\/article><\/li>\n<li  class='av-milestone av-4qtqps-36f6cbf6dda442b83543f4dc6ec6df04 av-animated-generic fade-in av-milestone-valign-middle av-milestone-even'><h2 class='av-milestone-date ' id='milestone-2014'><strong>2014<span class='av-milestone-indicator'><\/span><\/strong><\/h2><div class=\"av-milestone-icon-wrap\"><span class='av-milestone-icon milestone_icon milestone-icon-hasborder avia-font-ue8bb'><span class='av-milestone-icon-inner milestone_inner'><i class='milestone-char' aria-hidden='true' data-av_icon='' data-av_iconfont='ue8bb'><\/i><\/span><\/span><\/div><article class='av-milestone-content-wrap'><div class='av-milestone-contentbox'><div class='av-milestone-content'><p><img loading=\"lazy\" decoding=\"async\" class=\"alignnone size-full wp-image-2379\" src=\"\/wp-content\/uploads\/2020\/10\/sandra-digital-e.jpg\" alt=\"\" width=\"1200\" height=\"800\" srcset=\"https:\/\/www.fepagroup.com\/wp-content\/uploads\/2020\/10\/sandra-digital-e.jpg 1200w, https:\/\/www.fepagroup.com\/wp-content\/uploads\/2020\/10\/sandra-digital-e-300x200.jpg 300w, https:\/\/www.fepagroup.com\/wp-content\/uploads\/2020\/10\/sandra-digital-e-1030x687.jpg 1030w, https:\/\/www.fepagroup.com\/wp-content\/uploads\/2020\/10\/sandra-digital-e-768x512.jpg 768w, https:\/\/www.fepagroup.com\/wp-content\/uploads\/2020\/10\/sandra-digital-e-705x470.jpg 705w\" sizes=\"(max-width: 1200px) 100vw, 1200px\" \/><br \/>\nNasce il progetto \u201cSandra digitale\u201d. Inseriamo nel nostro parco macchine, a fianco delle gi\u00e0 esistenti macchine per stampa flessografica, la <a href=\"https:\/\/www.fepagroup.com\/it\/innovazione\/stampa-digitale\/\"><strong>linea Nasikajet<\/strong><\/a> ad altissimo contenuto tecnologico, specializzata nella stampa digitale.<\/p>\n<\/div><\/div><footer class='av-milestone-article-footer entry-footer'><\/footer><\/article><\/li>\n<li  class='av-milestone av-2zrq1c-34b6a37587218bcf46bb295829e7246d av-animated-generic fade-in av-milestone-valign-middle av-milestone-odd'><h2 class='av-milestone-date ' id='milestone-2022'><strong>2022<span class='av-milestone-indicator'><\/span><\/strong><\/h2><div class=\"av-milestone-icon-wrap\"><span class='av-milestone-icon milestone_icon milestone-icon-hasborder avia-font-ue8bb'><span class='av-milestone-icon-inner milestone_inner'><i class='milestone-char' aria-hidden='true' data-av_icon='' data-av_iconfont='ue8bb'><\/i><\/span><\/span><\/div><article class='av-milestone-content-wrap'><div class='av-milestone-contentbox'><div class='av-milestone-content'><p><img loading=\"lazy\" decoding=\"async\" class=\"alignnone size-full wp-image-5237\" src=\"https:\/\/www.fepagroup.com\/wp-content\/uploads\/2024\/04\/before-Mezzani-2.jpg\" alt=\"\" width=\"600\" height=\"338\" srcset=\"https:\/\/www.fepagroup.com\/wp-content\/uploads\/2024\/04\/before-Mezzani-2.jpg 600w, https:\/\/www.fepagroup.com\/wp-content\/uploads\/2024\/04\/before-Mezzani-2-300x169.jpg 300w\" sizes=\"(max-width: 600px) 100vw, 600px\" \/><br \/>\n<em>Mezzani 2<\/em><\/p>\n<p>Sono avviati i lavori di ampliamento del sito produttivo di Mezzani che, con la creazione del nuovo stabilimento MEZZANI 2 e l\u2019introduzione del terzo ondulatore (BHS 2800) permetter\u00e0 di incrementare , a regime, del 60% la capacit\u00e0 produttiva, ottenere una maggiore flessibilit\u00e0 operativa ed ampliare il portafoglio prodotto con l\u2019introduzione della nano-onda.<\/p>\n<p><img loading=\"lazy\" decoding=\"async\" class=\"alignnone size-full wp-image-5235\" src=\"https:\/\/www.fepagroup.com\/wp-content\/uploads\/2024\/04\/BHS-2800-Mezzani-2.jpg\" alt=\"\" width=\"600\" height=\"337\" srcset=\"https:\/\/www.fepagroup.com\/wp-content\/uploads\/2024\/04\/BHS-2800-Mezzani-2.jpg 600w, https:\/\/www.fepagroup.com\/wp-content\/uploads\/2024\/04\/BHS-2800-Mezzani-2-300x169.jpg 300w\" sizes=\"(max-width: 600px) 100vw, 600px\" \/><br \/>\n<em>Nuovo ondulatore BHS 2800<\/em><\/p>\n<\/div><\/div><footer class='av-milestone-article-footer entry-footer'><\/footer><\/article><\/li>\n<li  class='av-milestone av-4qtqps-1-48e2adbcd8aa44bda67ea0056dc23c45 av-animated-generic fade-in av-milestone-valign-middle av-milestone-even'><h2 class='av-milestone-date ' id='milestone-2023'><strong>2023<span class='av-milestone-indicator'><\/span><\/strong><\/h2><div class=\"av-milestone-icon-wrap\"><span class='av-milestone-icon milestone_icon milestone-icon-hasborder avia-font-ue8bb'><span class='av-milestone-icon-inner milestone_inner'><i class='milestone-char' aria-hidden='true' data-av_icon='' data-av_iconfont='ue8bb'><\/i><\/span><\/span><\/div><article class='av-milestone-content-wrap'><div class='av-milestone-contentbox'><div class='av-milestone-content'><p><img decoding=\"async\" class=\"alignnone size-full wp-image-4457\" src=\"https:\/\/www.fepagroup.com\/wp-content\/uploads\/2023\/02\/FEPA-Logo-definitivo-2.svg\" alt=\"\" \/><br \/>\nIl nome Sandra muta in FEPA SpA, acronimo di Ferretti Packaging. In una fase di cambio generazionale, scegliamo di consacrare l\u2019importanza della centralit\u00e0 della famiglia Ferretti anche tramite un cambio epocale della denominazione sociale. Un nuovo nome che ci rappresenta in modo aggiornato e coerente con la nostra attuale fisionomia.<\/p>\n<\/div><\/div><footer class='av-milestone-article-footer entry-footer'><\/footer><\/article><\/li>\n<li  class='av-milestone av-2zrq1c-1-26ef6d159ef772b9bdf94676dbef4048 av-animated-generic fade-in av-milestone-valign-middle av-milestone-odd'><h2 class='av-milestone-date ' id='milestone-oggi'><strong>Oggi<span class='av-milestone-indicator'><\/span><\/strong><\/h2><div class=\"av-milestone-icon-wrap\"><span class='av-milestone-icon milestone_icon milestone-icon-hasborder avia-font-ue8bb'><span class='av-milestone-icon-inner milestone_inner'><i class='milestone-char' aria-hidden='true' data-av_icon='' data-av_iconfont='ue8bb'><\/i><\/span><\/span><\/div><article class='av-milestone-content-wrap'><div class='av-milestone-contentbox'><div class='av-milestone-content'><p><img loading=\"lazy\" decoding=\"async\" class=\"alignnone size-full wp-image-2380\" src=\"\/wp-content\/uploads\/2020\/10\/oggi.jpg\" alt=\"\" width=\"1200\" height=\"800\" srcset=\"https:\/\/www.fepagroup.com\/wp-content\/uploads\/2020\/10\/oggi.jpg 1200w, https:\/\/www.fepagroup.com\/wp-content\/uploads\/2020\/10\/oggi-300x200.jpg 300w, https:\/\/www.fepagroup.com\/wp-content\/uploads\/2020\/10\/oggi-1030x687.jpg 1030w, https:\/\/www.fepagroup.com\/wp-content\/uploads\/2020\/10\/oggi-768x512.jpg 768w, https:\/\/www.fepagroup.com\/wp-content\/uploads\/2020\/10\/oggi-705x470.jpg 705w\" sizes=\"(max-width: 1200px) 100vw, 1200px\" \/><\/p>\n<p>SIamo una realt\u00e0 strutturata e in continua crescita. Il nostro team \u00e8 composto da 500 collaboratori che lavorano nei due stabilimenti di San Polo (40.000 mq) e Mezzani (57.000 mq) con una capacit\u00e0 produttiva totale annua di 650 mln di mq. Ogni anno una parte del nostro fatturato viene regolarmente investito in innovazione, tecnologie e formazione.<\/p>\n<p><a href=\"https:\/\/www.fepagroup.com\/wp-content\/uploads\/2022\/06\/Fausto-Ferretti-img.jpg\"><img loading=\"lazy\" decoding=\"async\" class=\"alignnone size-full wp-image-4204\" src=\"https:\/\/www.fepagroup.com\/wp-content\/uploads\/2022\/06\/Fausto-Ferretti-img.jpg\" alt=\"\" width=\"1200\" height=\"800\" srcset=\"https:\/\/www.fepagroup.com\/wp-content\/uploads\/2022\/06\/Fausto-Ferretti-img.jpg 1200w, https:\/\/www.fepagroup.com\/wp-content\/uploads\/2022\/06\/Fausto-Ferretti-img-300x200.jpg 300w, https:\/\/www.fepagroup.com\/wp-content\/uploads\/2022\/06\/Fausto-Ferretti-img-1030x687.jpg 1030w, https:\/\/www.fepagroup.com\/wp-content\/uploads\/2022\/06\/Fausto-Ferretti-img-768x512.jpg 768w, https:\/\/www.fepagroup.com\/wp-content\/uploads\/2022\/06\/Fausto-Ferretti-img-705x470.jpg 705w\" sizes=\"(max-width: 1200px) 100vw, 1200px\" \/><\/a><\/p>\n<p>Oggi \u00e8 Fausto Ferretti, figlio di Franco, a condurre l\u2019azienda, in qualit\u00e0 di Amministratore Delegato.<br \/>\nUn\u2019esperienza quella di Fausto nel settore del cartone ondulato, che lo ha portato a raggiungere numerosi traguardi all\u2019interno della sua attivit\u00e0 e a ricoprire incarichi di prestigio anche in organizzazioni esterne all\u2019azienda.<br \/>\n_________________<\/p>\n<div  class='avia-button-wrap av-25282f-2-e13c25495b4954bb5f3225ea19fd5dc8-wrap avia-button-left  avia-builder-el-17  avia-builder-el-no-sibling '>\n<style type=\"text\/css\" data-created_by=\"avia_inline_auto\" id=\"style-css-av-25282f-2-e13c25495b4954bb5f3225ea19fd5dc8\">\n#top #wrap_all .avia-button.av-25282f-2-e13c25495b4954bb5f3225ea19fd5dc8{\nbackground-color:#ffffff;\nborder-color:#ffffff;\ncolor:#000000;\n-webkit-transition:all 0.4s ease-in-out;\n-moz-transition:all 0.4s ease-in-out;\n-ms-transition:all 0.4s ease-in-out;\n-o-transition:all 0.4s ease-in-out;\ntransition:all 0.4s ease-in-out;\n}\n<\/style>\n<a href='https:\/\/www.fepagroup.com\/wp-content\/uploads\/2023\/05\/CV-Fausto-Ferretti.pdf' class='avia-button av-25282f-2-e13c25495b4954bb5f3225ea19fd5dc8 avia-icon_select-yes-right-icon avia-size-medium avia-position-left' target=\"_blank\" rel=\"noopener noreferrer\"><span class='avia_iconbox_title' >Accedi al CV di Fausto Ferretti<\/span><span class='avia_button_icon avia_button_icon_right' aria-hidden='true' data-av_icon='' data-av_iconfont='ue8bb'><\/span><\/a><\/div>\n<\/div><\/div><footer class='av-milestone-article-footer entry-footer'><\/footer><\/article><\/li>\n<\/ul><\/div><\/p><\/div><\/div><\/div><\/div><!-- close content main div --><\/div><\/div><div id='after_section_3'  class='main_color av_default_container_wrap container_wrap fullsize'  ><div class='container av-section-cont-open' ><div class='template-page content  av-content-full alpha units'><div class='post-entry post-entry-type-page post-entry-2368'><div class='entry-content-wrapper clearfix'>\n<style type=\"text\/css\" data-created_by=\"avia_inline_auto\" id=\"style-css-av-kf6ms9bh-6-b3b0cf8066900564457003207848549f\">\n#top .hr.hr-invisible.av-kf6ms9bh-6-b3b0cf8066900564457003207848549f{\nheight:20px;\n}\n<\/style>\n<div  class='hr av-kf6ms9bh-6-b3b0cf8066900564457003207848549f hr-invisible  avia-builder-el-18  el_after_av_section  avia-builder-el-no-sibling '><span class='hr-inner '><span class=\"hr-inner-style\"><\/span><\/span><\/div><\/p>\n","protected":false},"excerpt":{"rendered":"","protected":false},"author":1,"featured_media":0,"parent":370,"menu_order":0,"comment_status":"closed","ping_status":"closed","template":"","meta":{"inline_featured_image":false,"footnotes":""},"categories":[4],"tags":[],"class_list":["post-2368","page","type-page","status-publish","hentry","category-le-nostre-persone"],"yoast_head":"<!-- This site is optimized with the Yoast SEO plugin v23.6 - https:\/\/yoast.com\/wordpress\/plugins\/seo\/ -->\n<title>La nostra storia | Fepa S.p.a.<\/title>\n<meta name=\"description\" content=\"Scopri la nostra storia. Come siamo cresciuti, adattandoci alle richieste del marcato del packaging nella sua continua evoluzione.\" \/>\n<meta name=\"robots\" content=\"index, follow, max-snippet:-1, max-image-preview:large, max-video-preview:-1\" \/>\n<link rel=\"canonical\" href=\"https:\/\/www.fepagroup.com\/it\/le-nostre-persone\/storia\/\" \/>\n<meta property=\"og:locale\" content=\"it_IT\" \/>\n<meta property=\"og:type\" content=\"article\" \/>\n<meta property=\"og:title\" content=\"La nostra storia | Fepa S.p.a.\" \/>\n<meta property=\"og:description\" content=\"Scopri la nostra storia. Come siamo cresciuti, adattandoci alle richieste del marcato del packaging nella sua continua evoluzione.\" \/>\n<meta property=\"og:url\" content=\"https:\/\/www.fepagroup.com\/it\/le-nostre-persone\/storia\/\" \/>\n<meta property=\"og:site_name\" content=\"Fepa S.p.a.\" \/>\n<meta property=\"article:modified_time\" content=\"2026-04-17T11:44:56+00:00\" \/>\n<meta property=\"og:image\" content=\"https:\/\/www.fepagroup.com\/wp-content\/uploads\/2024\/04\/before-Mezzani-2.jpg\" \/>\n<meta name=\"twitter:card\" content=\"summary_large_image\" \/>\n<meta name=\"twitter:label1\" content=\"Tempo di lettura stimato\" \/>\n\t<meta name=\"twitter:data1\" content=\"10 minuti\" \/>\n<script type=\"application\/ld+json\" class=\"yoast-schema-graph\">{\"@context\":\"https:\/\/schema.org\",\"@graph\":[{\"@type\":\"WebPage\",\"@id\":\"https:\/\/www.fepagroup.com\/it\/le-nostre-persone\/storia\/\",\"url\":\"https:\/\/www.fepagroup.com\/it\/le-nostre-persone\/storia\/\",\"name\":\"La nostra storia | Fepa S.p.a.\",\"isPartOf\":{\"@id\":\"https:\/\/www.fepagroup.com\/it\/#website\"},\"primaryImageOfPage\":{\"@id\":\"https:\/\/www.fepagroup.com\/it\/le-nostre-persone\/storia\/#primaryimage\"},\"image\":{\"@id\":\"https:\/\/www.fepagroup.com\/it\/le-nostre-persone\/storia\/#primaryimage\"},\"thumbnailUrl\":\"https:\/\/www.fepagroup.com\/wp-content\/uploads\/2024\/04\/before-Mezzani-2.jpg\",\"datePublished\":\"2020-10-16T09:02:44+00:00\",\"dateModified\":\"2026-04-17T11:44:56+00:00\",\"description\":\"Scopri la nostra storia. Come siamo cresciuti, adattandoci alle richieste del marcato del packaging nella sua continua evoluzione.\",\"breadcrumb\":{\"@id\":\"https:\/\/www.fepagroup.com\/it\/le-nostre-persone\/storia\/#breadcrumb\"},\"inLanguage\":\"it-IT\",\"potentialAction\":[{\"@type\":\"ReadAction\",\"target\":[\"https:\/\/www.fepagroup.com\/it\/le-nostre-persone\/storia\/\"]}]},{\"@type\":\"ImageObject\",\"inLanguage\":\"it-IT\",\"@id\":\"https:\/\/www.fepagroup.com\/it\/le-nostre-persone\/storia\/#primaryimage\",\"url\":\"https:\/\/www.fepagroup.com\/wp-content\/uploads\/2024\/04\/before-Mezzani-2.jpg\",\"contentUrl\":\"https:\/\/www.fepagroup.com\/wp-content\/uploads\/2024\/04\/before-Mezzani-2.jpg\"},{\"@type\":\"BreadcrumbList\",\"@id\":\"https:\/\/www.fepagroup.com\/it\/le-nostre-persone\/storia\/#breadcrumb\",\"itemListElement\":[{\"@type\":\"ListItem\",\"position\":1,\"name\":\"Home\",\"item\":\"https:\/\/www.fepagroup.com\/it\/home-page\/\"},{\"@type\":\"ListItem\",\"position\":2,\"name\":\"Le Nostre Persone\",\"item\":\"https:\/\/www.fepagroup.com\/it\/le-nostre-persone\/\"},{\"@type\":\"ListItem\",\"position\":3,\"name\":\"Storia\"}]},{\"@type\":\"WebSite\",\"@id\":\"https:\/\/www.fepagroup.com\/it\/#website\",\"url\":\"https:\/\/www.fepagroup.com\/it\/\",\"name\":\"Fepa S.p.a.\",\"description\":\"Fepa: packaging per le tue idee\",\"potentialAction\":[{\"@type\":\"SearchAction\",\"target\":{\"@type\":\"EntryPoint\",\"urlTemplate\":\"https:\/\/www.fepagroup.com\/it\/?s={search_term_string}\"},\"query-input\":{\"@type\":\"PropertyValueSpecification\",\"valueRequired\":true,\"valueName\":\"search_term_string\"}}],\"inLanguage\":\"it-IT\"}]}<\/script>\n<!-- \/ Yoast SEO plugin. -->","yoast_head_json":{"title":"La nostra storia | Fepa S.p.a.","description":"Scopri la nostra storia. Come siamo cresciuti, adattandoci alle richieste del marcato del packaging nella sua continua evoluzione.","robots":{"index":"index","follow":"follow","max-snippet":"max-snippet:-1","max-image-preview":"max-image-preview:large","max-video-preview":"max-video-preview:-1"},"canonical":"https:\/\/www.fepagroup.com\/it\/le-nostre-persone\/storia\/","og_locale":"it_IT","og_type":"article","og_title":"La nostra storia | Fepa S.p.a.","og_description":"Scopri la nostra storia. Come siamo cresciuti, adattandoci alle richieste del marcato del packaging nella sua continua evoluzione.","og_url":"https:\/\/www.fepagroup.com\/it\/le-nostre-persone\/storia\/","og_site_name":"Fepa S.p.a.","article_modified_time":"2026-04-17T11:44:56+00:00","og_image":[{"url":"https:\/\/www.fepagroup.com\/wp-content\/uploads\/2024\/04\/before-Mezzani-2.jpg"}],"twitter_card":"summary_large_image","twitter_misc":{"Tempo di lettura stimato":"10 minuti"},"schema":{"@context":"https:\/\/schema.org","@graph":[{"@type":"WebPage","@id":"https:\/\/www.fepagroup.com\/it\/le-nostre-persone\/storia\/","url":"https:\/\/www.fepagroup.com\/it\/le-nostre-persone\/storia\/","name":"La nostra storia | Fepa S.p.a.","isPartOf":{"@id":"https:\/\/www.fepagroup.com\/it\/#website"},"primaryImageOfPage":{"@id":"https:\/\/www.fepagroup.com\/it\/le-nostre-persone\/storia\/#primaryimage"},"image":{"@id":"https:\/\/www.fepagroup.com\/it\/le-nostre-persone\/storia\/#primaryimage"},"thumbnailUrl":"https:\/\/www.fepagroup.com\/wp-content\/uploads\/2024\/04\/before-Mezzani-2.jpg","datePublished":"2020-10-16T09:02:44+00:00","dateModified":"2026-04-17T11:44:56+00:00","description":"Scopri la nostra storia. Come siamo cresciuti, adattandoci alle richieste del marcato del packaging nella sua continua evoluzione.","breadcrumb":{"@id":"https:\/\/www.fepagroup.com\/it\/le-nostre-persone\/storia\/#breadcrumb"},"inLanguage":"it-IT","potentialAction":[{"@type":"ReadAction","target":["https:\/\/www.fepagroup.com\/it\/le-nostre-persone\/storia\/"]}]},{"@type":"ImageObject","inLanguage":"it-IT","@id":"https:\/\/www.fepagroup.com\/it\/le-nostre-persone\/storia\/#primaryimage","url":"https:\/\/www.fepagroup.com\/wp-content\/uploads\/2024\/04\/before-Mezzani-2.jpg","contentUrl":"https:\/\/www.fepagroup.com\/wp-content\/uploads\/2024\/04\/before-Mezzani-2.jpg"},{"@type":"BreadcrumbList","@id":"https:\/\/www.fepagroup.com\/it\/le-nostre-persone\/storia\/#breadcrumb","itemListElement":[{"@type":"ListItem","position":1,"name":"Home","item":"https:\/\/www.fepagroup.com\/it\/home-page\/"},{"@type":"ListItem","position":2,"name":"Le Nostre Persone","item":"https:\/\/www.fepagroup.com\/it\/le-nostre-persone\/"},{"@type":"ListItem","position":3,"name":"Storia"}]},{"@type":"WebSite","@id":"https:\/\/www.fepagroup.com\/it\/#website","url":"https:\/\/www.fepagroup.com\/it\/","name":"Fepa S.p.a.","description":"Fepa: packaging per le tue idee","potentialAction":[{"@type":"SearchAction","target":{"@type":"EntryPoint","urlTemplate":"https:\/\/www.fepagroup.com\/it\/?s={search_term_string}"},"query-input":{"@type":"PropertyValueSpecification","valueRequired":true,"valueName":"search_term_string"}}],"inLanguage":"it-IT"}]}},"_links":{"self":[{"href":"https:\/\/www.fepagroup.com\/it\/wp-json\/wp\/v2\/pages\/2368"}],"collection":[{"href":"https:\/\/www.fepagroup.com\/it\/wp-json\/wp\/v2\/pages"}],"about":[{"href":"https:\/\/www.fepagroup.com\/it\/wp-json\/wp\/v2\/types\/page"}],"author":[{"embeddable":true,"href":"https:\/\/www.fepagroup.com\/it\/wp-json\/wp\/v2\/users\/1"}],"replies":[{"embeddable":true,"href":"https:\/\/www.fepagroup.com\/it\/wp-json\/wp\/v2\/comments?post=2368"}],"version-history":[{"count":16,"href":"https:\/\/www.fepagroup.com\/it\/wp-json\/wp\/v2\/pages\/2368\/revisions"}],"predecessor-version":[{"id":6550,"href":"https:\/\/www.fepagroup.com\/it\/wp-json\/wp\/v2\/pages\/2368\/revisions\/6550"}],"up":[{"embeddable":true,"href":"https:\/\/www.fepagroup.com\/it\/wp-json\/wp\/v2\/pages\/370"}],"wp:attachment":[{"href":"https:\/\/www.fepagroup.com\/it\/wp-json\/wp\/v2\/media?parent=2368"}],"wp:term":[{"taxonomy":"category","embeddable":true,"href":"https:\/\/www.fepagroup.com\/it\/wp-json\/wp\/v2\/categories?post=2368"},{"taxonomy":"post_tag","embeddable":true,"href":"https:\/\/www.fepagroup.com\/it\/wp-json\/wp\/v2\/tags?post=2368"}],"curies":[{"name":"wp","href":"https:\/\/api.w.org\/{rel}","templated":true}]}}